{"id":9454,"date":"2023-05-31T10:34:07","date_gmt":"2023-05-31T09:34:07","guid":{"rendered":"https:\/\/www.hidroliner.com\/empresa\/"},"modified":"2025-01-30T08:10:55","modified_gmt":"2025-01-30T07:10:55","slug":"empresa","status":"publish","type":"page","link":"https:\/\/www.hidrotec.com\/ca\/empresa\/","title":{"rendered":"Sobre Nosaltres"},"content":{"rendered":"\n<div class=\"wp-block-cover alignfull\" style=\"margin-bottom:0\"><span aria-hidden=\"true\" class=\"wp-block-cover__background has-background-dim\"><\/span><img decoding=\"async\" width=\"1440\" height=\"445\" class=\"wp-block-cover__image-background wp-image-8651\" alt=\"Equipo Hidrotec\" src=\"https:\/\/www.hidrotec.com\/wp-content\/uploads\/2023\/11\/equipo-hidrotec-1.webp\" data-object-fit=\"cover\" srcset=\"https:\/\/www.hidrotec.com\/wp-content\/uploads\/2023\/11\/equipo-hidrotec-1.webp 1440w, https:\/\/www.hidrotec.com\/wp-content\/uploads\/2023\/11\/equipo-hidrotec-1-600x185.webp 600w, https:\/\/www.hidrotec.com\/wp-content\/uploads\/2023\/11\/equipo-hidrotec-1-768x237.webp 768w, https:\/\/www.hidrotec.com\/wp-content\/uploads\/2023\/11\/equipo-hidrotec-1-1024x316.webp 1024w\" sizes=\"(max-width: 1440px) 100vw, 1440px\" \/><div class=\"wp-block-cover__inner-container is-layout-flow wp-block-cover-is-layout-flow\">\n<div class=\"wp-block-group is-layout-constrained wp-block-group-is-layout-constrained\">\n<h1 class=\"wp-block-heading\" style=\"font-size:clamp(57.838px, 3.615rem + ((1vw - 3.2px) * 5.949), 120px);\">Hidrotec\u00ae<\/h1>\n\n\n\n<div class=\"wp-block-buttons is-layout-flex wp-block-buttons-is-layout-flex\">\n<div class=\"wp-block-button hi-btn-down hi-anchor\"><a class=\"wp-block-button__link wp-element-button\" href=\"#sobre_nosotros\">Anar al contingut<\/a><\/div>\n<\/div>\n<\/div>\n<\/div><\/div>\n\n<div class=\"wp-block-group is-layout-constrained wp-block-group-is-layout-constrained\" style=\"margin-top:var(--wp--preset--spacing--65)\">\n<div class=\"wp-block-columns alignwide is-layout-flex wp-block-columns-is-layout-flex\">\n<div class=\"wp-block-column is-layout-flow wp-block-column-is-layout-flow\" style=\"flex-basis:637px\">\n<h2 class=\"wp-block-heading hi-h4\" id=\"sobre_nosotros\">Sobre nosaltres<\/h2>\n\n\n\n<p>Hidrotec \u00e9s una empresa amb m\u00e9s de 30 anys d\u2019experi\u00e8ncia especialitzada en el sanejament industrial i urb\u00e0, orientada a oferir serveis personalitzats als nostres clients (Tailormade).  <\/p>\n\n\n\n<p class=\"has-text-align-right has-heading-m-font-size\"><strong>Fem treballs a mida<\/strong> <\/p>\n\n\n\n<p>Com a empresa pionera en innovaci\u00f3, utilitzem tecnologies de l\u2019estat de l\u2019art. En aquest sentit, disposem del Segell de Pime Innovadora atorgat pel Ministeri de Ci\u00e8ncia i Innovaci\u00f3. Aquest esperit innovador continuar\u00e0 sent el nostre motor durant els pr\u00f2xims anys i ens ajudar\u00e0 a superar els nous reptes que porta amb si la digitalitzaci\u00f3 i l\u2019economia circular. <\/p>\n\n\n\n<p class=\"has-text-align-left\">Un altre focus en el qual Hidrotec destina molts recursos \u00e9s en la formaci\u00f3 dels seus treballadors. Disposem d\u00b4un pla de formaci\u00f3 molt espec\u00edfic i exhaustiu, tant en l\u00b4\u00fas dels equips com en mat\u00e8ria de prevenci\u00f3 de riscos laborals.<\/p>\n\n\n\n<p class=\"has-text-align-right has-heading-m-font-size\"><strong>Som pioners en treballs de canonades amb seguretat<\/strong><\/p>\n\n\n\n<p>A nivell mediambiental, Hidrotec des dels seus inicis ha estat compromesa amb la preservaci\u00f3 del medi ambient L\u2019any 1997 vam ser la primera empresa de l\u2019\u00e0mbit del sanejament urb\u00e0 i industrial a incorporar a la seva flota camions mediambientals de recuperaci\u00f3 d\u2019aigua, generant amb aquest fet una disminuci\u00f3 del consum de combustible i de les emissions de CO2, aix\u00ed com del consum d\u2019aigua utilitzada en la neteja de canonades i col\u00b7lectors gr\u00e0cies a la recuperaci\u00f3 a partir del residu aspirat.  <\/p>\n\n\n\n<p class=\"has-text-align-right has-heading-m-font-size\"><strong>Compromesos amb el medi ambient des de<\/strong> 1994<\/p>\n\n\n\n<p>En el nou model estrat\u00e8gic de producci\u00f3 i consum denominat Economia Circular, Hidrotec vol ser agent actiu en el sector del sanejament.<\/p>\n\n\n\n<p>Amb m\u00e9s de 100 persones repartides en els nostres dos centres de treball localitzats a Rub\u00ed (Barcelona) i Coslada (Madrid), i la disponibilitat de m\u00e9s de 50 vehicles i una extensa gamma d\u2019equips, som capa\u00e7os d\u2019oferir serveis integrals sense dependre de subcontractes. <\/p>\n<\/div>\n<\/div>\n\n\n\n<figure class=\"wp-block-image alignwide size-full has-custom-border hi-mobile-hidden\"><img decoding=\"async\" width=\"790\" height=\"720\" src=\"https:\/\/www.hidrotec.com\/wp-content\/uploads\/2024\/01\/sobre-nosotros-1.webp\" alt=\"sobre nosaltres\" class=\"wp-image-11128\" style=\"border-radius:0px\" srcset=\"https:\/\/www.hidrotec.com\/wp-content\/uploads\/2024\/01\/sobre-nosotros-1.webp 790w, https:\/\/www.hidrotec.com\/wp-content\/uploads\/2024\/01\/sobre-nosotros-1-600x547.webp 600w, https:\/\/www.hidrotec.com\/wp-content\/uploads\/2024\/01\/sobre-nosotros-1-768x700.webp 768w\" sizes=\"(max-width: 790px) 100vw, 790px\" \/><\/figure>\n<\/div>\n\n<div class=\"wp-block-group is-layout-constrained wp-block-group-is-layout-constrained\">\n<div class=\"wp-block-columns alignwide is-layout-flex wp-block-columns-is-layout-flex\">\n<div class=\"wp-block-column hi-h1 is-layout-flow wp-block-column-is-layout-flow\" style=\"flex-basis:408px\">\n<h2 class=\"wp-block-heading hi-h1\">Els valors que ens defineixen.<\/h2>\n<\/div>\n<\/div>\n\n\n\n<div class=\"wp-block-columns alignwide hi-flex-wrap is-layout-flex wp-block-columns-is-layout-flex\">\n<div class=\"wp-block-column is-layout-flow wp-block-column-is-layout-flow\" style=\"flex-basis:50%\">\n<figure class=\"wp-block-image size-full is-resized\"><img decoding=\"async\" width=\"182\" height=\"100\" src=\"https:\/\/www.hidrotec.com\/wp-content\/uploads\/2023\/11\/drone-e1699964056853.webp\" alt=\"Drone\" class=\"wp-image-8766\" style=\"object-fit:contain;width:140px;height:140px\"\/><\/figure>\n\n\n\n<h3 class=\"wp-block-heading hi-h2\">Innovaci\u00f3<\/h3>\n\n\n\n<p>Des dels inicis de l\u2019empresa, la innovaci\u00f3 ha constitu\u00eft un dels pilars estrat\u00e8gics m\u00e9s importants de Hidrotec per a poder oferir una proposta de valor diferenciada als nostres clients.<\/p>\n\n\n\n<div class=\"wp-block-buttons is-layout-flex wp-block-buttons-is-layout-flex\">\n<div class=\"wp-block-button is-style-outline is-style-outline--1\"><a class=\"wp-block-button__link wp-element-button\" href=\"https:\/\/www.hidrotec.com\/ca\/empresa\/innovacio\/\">Veure m\u00e9s<\/a><\/div>\n<\/div>\n<\/div>\n\n\n\n<div class=\"wp-block-column is-layout-flow wp-block-column-is-layout-flow\" style=\"flex-basis:50%\">\n<figure class=\"wp-block-image size-full is-resized\"><img decoding=\"async\" width=\"440\" height=\"350\" src=\"https:\/\/www.hidrotec.com\/wp-content\/uploads\/2023\/05\/camara-robotizada-desagues.webp\" alt=\"\" class=\"wp-image-9189\" style=\"object-fit:cover;width:140px;height:140px\"\/><\/figure>\n\n\n\n<h3 class=\"wp-block-heading hi-h2\">Tecnologia<\/h3>\n\n\n\n<p>Hidrotec disposa dels equips tecnol\u00f2gicament m\u00e9s avan\u00e7ats del sector del sanejament i l\u2019aigua potable. La tecnologia i digitalitzaci\u00f3 constitueix una estrat\u00e8gia transversal en l\u2019organitzaci\u00f3.<\/p>\n\n\n\n<div class=\"wp-block-buttons is-layout-flex wp-block-buttons-is-layout-flex\">\n<div class=\"wp-block-button is-style-outline is-style-outline--2\"><a class=\"wp-block-button__link wp-element-button\" href=\"https:\/\/www.hidrotec.com\/ca\/empresa\/tecnologia\/\">Veure m\u00e9s<\/a><\/div>\n<\/div>\n<\/div>\n\n\n\n<div class=\"wp-block-column is-layout-flow wp-block-column-is-layout-flow\" style=\"flex-basis:50%\">\n<figure class=\"wp-block-image size-full is-resized\"><img decoding=\"async\" width=\"500\" height=\"482\" src=\"https:\/\/www.hidrotec.com\/wp-content\/uploads\/2023\/11\/sostenibilidad-1.webp\" alt=\"Sostenibilitat\" class=\"wp-image-8658\" style=\"object-fit:cover;width:140px;height:140px\"\/><\/figure>\n\n\n\n<h3 class=\"wp-block-heading hi-h2\">Sostenibilitat<\/h3>\n\n\n\n<p>Hidrotec desenvolupa el paradigma mediambiental de les 4Rs basat en quatre vectors: Reduir, Recuperar, Rehabilitar, Reciclar.<\/p>\n\n\n\n<div class=\"wp-block-buttons is-layout-flex wp-block-buttons-is-layout-flex\">\n<div class=\"wp-block-button is-style-outline is-style-outline--3\"><a class=\"wp-block-button__link wp-element-button\" href=\"https:\/\/www.hidrotec.com\/ca\/empresa\/sostenibilitat\/\">Veure m\u00e9s<\/a><\/div>\n<\/div>\n<\/div>\n\n\n\n<div class=\"wp-block-column is-layout-flow wp-block-column-is-layout-flow\" style=\"flex-basis:50%\">\n<figure class=\"wp-block-image size-full is-resized\"><img decoding=\"async\" width=\"270\" height=\"260\" src=\"https:\/\/www.hidrotec.com\/wp-content\/uploads\/2023\/11\/seguridad-salud.webp\" alt=\"Seguretat i Salut\" class=\"wp-image-8656\" style=\"object-fit:cover;width:140px;height:140px\"\/><\/figure>\n\n\n\n<h3 class=\"wp-block-heading hi-h2\">Seguretat<\/h3>\n\n\n\n<p>El Departament de PRL, assegura la seguretat i salut dels empleats i transmet la cultura preventiva en tots els \u00e0mbits d\u2019actuaci\u00f3 tant a nivell intern com extern.<\/p>\n\n\n\n<div class=\"wp-block-buttons is-layout-flex wp-block-buttons-is-layout-flex\">\n<div class=\"wp-block-button is-style-outline is-style-outline--4\"><a class=\"wp-block-button__link wp-element-button\" href=\"https:\/\/www.hidrotec.com\/ca\/empresa\/seguretat\/\">Veure m\u00e9s<\/a><\/div>\n<\/div>\n<\/div>\n<\/div>\n<\/div>\n\n<div class=\"wp-block-group alignfull has-primary-text-color has-secondary-gradient-background has-text-color has-background is-layout-flow wp-block-group-is-layout-flow\">\n<div class=\"wp-block-group hi-slider hi-default-content-size is-vertical is-content-justification-stretch is-layout-flex wp-block-group-is-layout-flex\" style=\"min-height:552px\">\n<div class=\"wp-block-columns are-vertically-aligned-center is-layout-flex wp-block-columns-is-layout-flex\" id=\"2005\">\n<div class=\"wp-block-column is-vertically-aligned-center is-layout-flow wp-block-column-is-layout-flow\" style=\"flex-basis:320px\">\n<p class=\"hi-nowrap\" style=\"font-size:clamp(61.532px, 3.846rem + ((1vw - 3.2px) * 6.552), 130px);\">1994<\/p>\n<\/div>\n\n\n\n<div class=\"wp-block-column is-vertically-aligned-center is-layout-flow wp-block-column-is-layout-flow\" style=\"flex-basis:66.66%\">\n<p class=\"hi-h3\">Introducci\u00f3 de sistemes dinspecci\u00f3 robotitzats.<\/p>\n<\/div>\n<\/div>\n\n\n\n<div class=\"wp-block-columns are-vertically-aligned-center is-layout-flex wp-block-columns-is-layout-flex\" id=\"2006\">\n<div class=\"wp-block-column is-vertically-aligned-center is-layout-flow wp-block-column-is-layout-flow\" style=\"flex-basis:320px\">\n<p class=\"hi-nowrap\" style=\"font-size:clamp(61.532px, 3.846rem + ((1vw - 3.2px) * 6.552), 130px);\"><strong>1995<\/strong><\/p>\n<\/div>\n\n\n\n<div class=\"wp-block-column is-vertically-aligned-center is-layout-flow wp-block-column-is-layout-flow\" style=\"flex-basis:66.66%\">\n<p class=\"hi-h3\">Introducci\u00f3 de sistemes per fer proves d\u2019estanquitat.  <\/p>\n<\/div>\n<\/div>\n\n\n\n<div class=\"wp-block-columns are-vertically-aligned-center is-layout-flex wp-block-columns-is-layout-flex\" id=\"2007\">\n<div class=\"wp-block-column is-vertically-aligned-center is-layout-flow wp-block-column-is-layout-flow\" style=\"flex-basis:320px\">\n<p class=\"hi-nowrap\" style=\"font-size:clamp(61.532px, 3.846rem + ((1vw - 3.2px) * 6.552), 130px);\"><strong>1996<\/strong><\/p>\n<\/div>\n\n\n\n<div class=\"wp-block-column is-vertically-aligned-center is-layout-flow wp-block-column-is-layout-flow\" style=\"flex-basis:66.66%\">\n<p class=\"hi-h3\">Introducci\u00f3 de sistema de rehabilitaci\u00f3 parcial de canonades Part-Lining.<\/p>\n<\/div>\n<\/div>\n\n\n\n<div class=\"wp-block-columns are-vertically-aligned-center is-layout-flex wp-block-columns-is-layout-flex\" id=\"2008\">\n<div class=\"wp-block-column is-vertically-aligned-center is-layout-flow wp-block-column-is-layout-flow\" style=\"flex-basis:320px\">\n<p class=\"hi-nowrap\" style=\"font-size:clamp(61.532px, 3.846rem + ((1vw - 3.2px) * 6.552), 130px);\"><strong>1997<\/strong><\/p>\n<\/div>\n\n\n\n<div class=\"wp-block-column is-vertically-aligned-center is-layout-flow wp-block-column-is-layout-flow\" style=\"flex-basis:66.66%\">\n<p class=\"hi-h3\">Incorporem el primer cami\u00f3 mediambiental de reciclatge d\u2019aigua de primera generaci\u00f3 a nivell privat.<\/p>\n<\/div>\n<\/div>\n\n\n\n<div class=\"wp-block-columns are-vertically-aligned-center is-layout-flex wp-block-columns-is-layout-flex\" id=\"2009\">\n<div class=\"wp-block-column is-vertically-aligned-center is-layout-flow wp-block-column-is-layout-flow\" style=\"flex-basis:320px\">\n<p class=\"hi-nowrap\" style=\"font-size:clamp(61.532px, 3.846rem + ((1vw - 3.2px) * 6.552), 130px);\">1998<\/p>\n<\/div>\n\n\n\n<div class=\"wp-block-column is-vertically-aligned-center is-layout-flow wp-block-column-is-layout-flow\" style=\"flex-basis:66.66%\">\n<p class=\"hi-h3\">Introducci\u00f3 del sistema d\u2019encamitzat mitjan\u00e7ant m\u00e0niga cont\u00ednua.<\/p>\n<\/div>\n<\/div>\n\n\n\n<div class=\"wp-block-columns are-vertically-aligned-center is-layout-flex wp-block-columns-is-layout-flex\" id=\"2009\">\n<div class=\"wp-block-column is-vertically-aligned-center is-layout-flow wp-block-column-is-layout-flow\" style=\"flex-basis:320px\">\n<p class=\"hi-nowrap\" style=\"font-size:clamp(61.532px, 3.846rem + ((1vw - 3.2px) * 6.552), 130px);\"><strong>2006<\/strong><\/p>\n<\/div>\n\n\n\n<div class=\"wp-block-column is-vertically-aligned-center is-layout-flow wp-block-column-is-layout-flow\" style=\"flex-basis:66.66%\">\n<p class=\"hi-h3\">Introducci\u00f3 del primer robot fresador pneum\u00e0tic de canalitzacions del mercat.<\/p>\n<\/div>\n<\/div>\n\n\n\n<div class=\"wp-block-columns are-vertically-aligned-center is-layout-flex wp-block-columns-is-layout-flex\" id=\"2009\">\n<div class=\"wp-block-column is-vertically-aligned-center is-layout-flow wp-block-column-is-layout-flow\" style=\"flex-basis:320px\">\n<p class=\"hi-nowrap\" style=\"font-size:clamp(61.532px, 3.846rem + ((1vw - 3.2px) * 6.552), 130px);\"><strong>2007<\/strong><\/p>\n<\/div>\n\n\n\n<div class=\"wp-block-column is-vertically-aligned-center is-layout-flow wp-block-column-is-layout-flow\" style=\"flex-basis:66.66%\">\n<p class=\"hi-h3\">Certificaci\u00f3 Sistema de Gesti\u00f3 de la Qualitat UNE-EN ISO 9001:2008.<\/p>\n<\/div>\n<\/div>\n\n\n\n<div class=\"wp-block-columns are-vertically-aligned-center is-layout-flex wp-block-columns-is-layout-flex\" id=\"2009\">\n<div class=\"wp-block-column is-vertically-aligned-center is-layout-flow wp-block-column-is-layout-flow\" style=\"flex-basis:320px\">\n<p class=\"hi-nowrap\" style=\"font-size:clamp(61.532px, 3.846rem + ((1vw - 3.2px) * 6.552), 130px);\"><strong>200<\/strong> 9<\/p>\n<\/div>\n\n\n\n<div class=\"wp-block-column is-vertically-aligned-center is-layout-flow wp-block-column-is-layout-flow\" style=\"flex-basis:66.66%\">\n<p class=\"hi-h3\">Introducci\u00f3 de sistemes dinspecci\u00f3 amb perfilador l\u00e0ser<\/p>\n<\/div>\n<\/div>\n\n\n\n<div class=\"wp-block-columns are-vertically-aligned-center is-layout-flex wp-block-columns-is-layout-flex\" id=\"2009\">\n<div class=\"wp-block-column is-vertically-aligned-center is-layout-flow wp-block-column-is-layout-flow\" style=\"flex-basis:320px\">\n<p class=\"hi-nowrap\" style=\"font-size:clamp(61.532px, 3.846rem + ((1vw - 3.2px) * 6.552), 130px);\"><strong>2010<\/strong><\/p>\n<\/div>\n\n\n\n<div class=\"wp-block-column is-vertically-aligned-center is-layout-flow wp-block-column-is-layout-flow\" style=\"flex-basis:66.66%\">\n<p class=\"hi-h3\">Introducci\u00f3 de sistemes de rehabilitaci\u00f3 continua de canonades amb un \u00fanic acc\u00e9s.<\/p>\n<\/div>\n<\/div>\n\n\n\n<div class=\"wp-block-columns are-vertically-aligned-center is-layout-flex wp-block-columns-is-layout-flex\" id=\"2009\">\n<div class=\"wp-block-column is-vertically-aligned-center is-layout-flow wp-block-column-is-layout-flow\" style=\"flex-basis:320px\">\n<p class=\"hi-nowrap\" style=\"font-size:clamp(61.532px, 3.846rem + ((1vw - 3.2px) * 6.552), 130px);\"><strong>2013<\/strong><\/p>\n<\/div>\n\n\n\n<div class=\"wp-block-column is-vertically-aligned-center is-layout-flow wp-block-column-is-layout-flow\" style=\"flex-basis:66.66%\">\n<p class=\"hi-h3\">Certificaci\u00f3 Sistema de Gesti\u00f3 Seguretat i Salut en el Treball OHSAS 18001:2007<\/p>\n<\/div>\n<\/div>\n\n\n\n<div class=\"wp-block-columns are-vertically-aligned-center is-layout-flex wp-block-columns-is-layout-flex\" id=\"2009\">\n<div class=\"wp-block-column is-vertically-aligned-center is-layout-flow wp-block-column-is-layout-flow\" style=\"flex-basis:320px\">\n<p class=\"hi-nowrap\" style=\"font-size:clamp(61.532px, 3.846rem + ((1vw - 3.2px) * 6.552), 130px);\"><strong>2015<\/strong><\/p>\n<\/div>\n\n\n\n<div class=\"wp-block-column is-vertically-aligned-center is-layout-flow wp-block-column-is-layout-flow\" style=\"flex-basis:66.66%\">\n<p class=\"hi-h3\">Introducci\u00f3 del sistema de projecci\u00f3 de baixants Sprayform.<\/p>\n<\/div>\n<\/div>\n\n\n\n<div class=\"wp-block-columns are-vertically-aligned-center is-layout-flex wp-block-columns-is-layout-flex\" id=\"2009\">\n<div class=\"wp-block-column is-vertically-aligned-center is-layout-flow wp-block-column-is-layout-flow\" style=\"flex-basis:320px\">\n<p class=\"hi-nowrap\" style=\"font-size:clamp(61.532px, 3.846rem + ((1vw - 3.2px) * 6.552), 130px);\"><strong>20<\/strong> 16<\/p>\n<\/div>\n\n\n\n<div class=\"wp-block-column is-vertically-aligned-center is-layout-flow wp-block-column-is-layout-flow\" style=\"flex-basis:66.66%\">\n<p class=\"hi-h3\">Inauguraci\u00f3 de la nova seu central a Rub\u00ed.<\/p>\n<\/div>\n<\/div>\n\n\n\n<div class=\"wp-block-columns are-vertically-aligned-center is-layout-flex wp-block-columns-is-layout-flex\" id=\"2009\">\n<div class=\"wp-block-column is-vertically-aligned-center is-layout-flow wp-block-column-is-layout-flow\" style=\"flex-basis:320px\">\n<p class=\"hi-nowrap\" style=\"font-size:clamp(61.532px, 3.846rem + ((1vw - 3.2px) * 6.552), 130px);\"><strong>2017<\/strong><\/p>\n<\/div>\n\n\n\n<div class=\"wp-block-column is-vertically-aligned-center is-layout-flow wp-block-column-is-layout-flow\" style=\"flex-basis:66.66%\">\n<p class=\"hi-h3\">Premi Barcelona Building Construmat 2017 al servei m\u00e9s innovador.<\/p>\n<\/div>\n<\/div>\n\n\n\n<div class=\"wp-block-columns are-vertically-aligned-center is-layout-flex wp-block-columns-is-layout-flex\" id=\"2009\">\n<div class=\"wp-block-column is-vertically-aligned-center is-layout-flow wp-block-column-is-layout-flow\" style=\"flex-basis:320px\">\n<p class=\"hi-nowrap\" style=\"font-size:clamp(61.532px, 3.846rem + ((1vw - 3.2px) * 6.552), 130px);\"><strong>2018<\/strong><\/p>\n<\/div>\n\n\n\n<div class=\"wp-block-column is-vertically-aligned-center is-layout-flow wp-block-column-is-layout-flow\" style=\"flex-basis:66.66%\">\n<p class=\"hi-h3\">Concessi\u00f3 del Segell Pime Innovadora.<\/p>\n<\/div>\n<\/div>\n\n\n\n<div class=\"wp-block-columns are-vertically-aligned-center is-layout-flex wp-block-columns-is-layout-flex\" id=\"2009\">\n<div class=\"wp-block-column is-vertically-aligned-center is-layout-flow wp-block-column-is-layout-flow\" style=\"flex-basis:320px\">\n<p class=\"hi-nowrap\" style=\"font-size:clamp(61.532px, 3.846rem + ((1vw - 3.2px) * 6.552), 130px);\"><strong>2019<\/strong><\/p>\n<\/div>\n\n\n\n<div class=\"wp-block-column is-vertically-aligned-center is-layout-flow wp-block-column-is-layout-flow\" style=\"flex-basis:66.66%\">\n<p class=\"hi-h3\">25\u00e8 Aniversari d\u2019Hidrotec.<\/p>\n<\/div>\n<\/div>\n\n\n\n<div class=\"wp-block-columns are-vertically-aligned-center is-layout-flex wp-block-columns-is-layout-flex\" id=\"2009\">\n<div class=\"wp-block-column is-vertically-aligned-center is-layout-flow wp-block-column-is-layout-flow\" style=\"flex-basis:320px\">\n<p class=\"hi-nowrap\" style=\"font-size:clamp(61.532px, 3.846rem + ((1vw - 3.2px) * 6.552), 130px);\"><strong>2020<\/strong><\/p>\n<\/div>\n\n\n\n<div class=\"wp-block-column is-vertically-aligned-center is-layout-flow wp-block-column-is-layout-flow\" style=\"flex-basis:66.66%\">\n<p class=\"hi-h3\">Formulaci\u00f3 del paradigma mediambiental 4R d\u2019Hidrotec.<\/p>\n\n\n\n<p class=\"hi-h3\">Desenvolupament de la transformaci\u00f3 digital.<\/p>\n\n\n\n<p class=\"hi-h3\">Impuls de l\u00ednia de negoci de Transport de Residus.<\/p>\n\n\n\n<p><\/p>\n<\/div>\n<\/div>\n\n\n\n<div class=\"wp-block-columns are-vertically-aligned-center is-layout-flex wp-block-columns-is-layout-flex\" id=\"2009\">\n<div class=\"wp-block-column is-vertically-aligned-center is-layout-flow wp-block-column-is-layout-flow\" style=\"flex-basis:320px\">\n<p class=\"hi-nowrap\" style=\"font-size:clamp(61.532px, 3.846rem + ((1vw - 3.2px) * 6.552), 130px);\"><strong>2021<\/strong><\/p>\n<\/div>\n\n\n\n<div class=\"wp-block-column is-vertically-aligned-center is-layout-flow wp-block-column-is-layout-flow\" style=\"flex-basis:66.66%\">\n<p class=\"hi-h3\">Obertura de delegaci\u00f3 a Madrid.<\/p>\n\n\n\n<p class=\"hi-h3\">Incorporaci\u00f3 de sistema de projecci\u00f3 per a rehabilitaci\u00f3 de pous de registre.<\/p>\n\n\n\n<p class=\"hi-h3\">Incorporaci\u00f3 de robot fresador el\u00e8ctric de darrera generaci\u00f3<\/p>\n<\/div>\n<\/div>\n\n\n\n<div class=\"wp-block-columns are-vertically-aligned-center is-layout-flex wp-block-columns-is-layout-flex\" id=\"2009\">\n<div class=\"wp-block-column is-vertically-aligned-center is-layout-flow wp-block-column-is-layout-flow\" style=\"flex-basis:320px\">\n<p class=\"hi-nowrap\" style=\"font-size:clamp(61.532px, 3.846rem + ((1vw - 3.2px) * 6.552), 130px);\"><strong>2022<\/strong><\/p>\n<\/div>\n\n\n\n<div class=\"wp-block-column is-vertically-aligned-center is-layout-flow wp-block-column-is-layout-flow\" style=\"flex-basis:66.66%\">\n<p class=\"hi-h3\">Certificaci\u00f3 en Sistemes de Gesti\u00f3 ISO UNE-EN 9001, 14001 i 45001 en delegaci\u00f3 de Madrid<\/p>\n\n\n\n<p class=\"hi-h3\">Introducci\u00f3 de sistemes de rehabilitaci\u00f3 de dip\u00f2sits<\/p>\n<\/div>\n<\/div>\n\n\n\n<div class=\"wp-block-columns are-vertically-aligned-center is-layout-flex wp-block-columns-is-layout-flex\" id=\"2009\">\n<div class=\"wp-block-column is-vertically-aligned-center is-layout-flow wp-block-column-is-layout-flow\" style=\"flex-basis:320px\">\n<p class=\"hi-nowrap\" style=\"font-size:clamp(61.532px, 3.846rem + ((1vw - 3.2px) * 6.552), 130px);\"><strong>2023<\/strong><\/p>\n<\/div>\n\n\n\n<div class=\"wp-block-column is-vertically-aligned-center is-layout-flow wp-block-column-is-layout-flow\" style=\"flex-basis:66.66%\">\n<p class=\"hi-h3\">Introducci\u00f3 del sistema de rehabilitaci\u00f3 de xarxes d\u2019aigua potable Primus Line.<\/p>\n\n\n\n<p class=\"hi-h3\">Introducci\u00f3 de sistema de rehabilitaci\u00f3 de pous de registre mitjan\u00e7ant m\u00e0niga cont\u00ednua<\/p>\n<\/div>\n<\/div>\n<\/div>\n<\/div>\n\n<div class=\"wp-block-group alignfull is-layout-flow wp-block-group-is-layout-flow\" id=\"equipo\">\n<div class=\"wp-block-columns hi-default-content-size is-layout-flex wp-block-columns-is-layout-flex\" style=\"margin-bottom:var(--wp--preset--spacing--30)\">\n<div class=\"wp-block-column is-layout-flow wp-block-column-is-layout-flow\" style=\"flex-basis:990px\">\n<h2 class=\"wp-block-heading hi-h1\"><strong>Hidrotec\u00ae<\/strong> Equip<\/h2>\n<\/div>\n<\/div>\n\n\n\n<div class=\"wp-block-columns hi-default-content-size is-layout-flex wp-block-columns-is-layout-flex\" style=\"margin-top:0;margin-bottom:0\">\n<div class=\"wp-block-column is-layout-flow wp-block-column-is-layout-flow\" style=\"flex-basis:475px\">\n<p class=\"hi-h6\">Comptem amb un equip de professionals especialitzats, altament qualificats i amb dilatada experi\u00e8ncia.<\/p>\n<\/div>\n<\/div>\n\n\n\n<div class=\"wp-block-columns is-not-stacked-on-mobile hi-slider hi-default-content-size hid-team-slider is-layout-flex wp-block-columns-is-layout-flex\" style=\"margin-top:0\">\n<div class=\"wp-block-column is-layout-flow wp-block-column-is-layout-flow\" style=\"flex-basis:215px\">\n<figure class=\"wp-block-image size-full\"><img decoding=\"async\" width=\"300\" height=\"350\" src=\"https:\/\/www.hidrotec.com\/wp-content\/uploads\/2024\/01\/xavi-def.webp\" alt=\"\" class=\"wp-image-9802\" style=\"object-fit:cover\"\/><\/figure>\n\n\n\n<h3 class=\"wp-block-heading\">Xavier Yag\u00fce<\/h3>\n\n\n\n<h4 class=\"wp-block-heading has-grey-color has-text-color\">CEO<\/h4>\n<\/div>\n\n\n\n<div class=\"wp-block-column is-layout-flow wp-block-column-is-layout-flow\" style=\"flex-basis:215px\">\n<figure class=\"wp-block-image size-full\"><img decoding=\"async\" src=\"https:\/\/www.hidrotec.com\/wp-content\/uploads\/2025\/01\/xavi_v_def_v2.webp\" alt=\"\" class=\"wp-image-12663\" style=\"object-fit:cover\"\/><\/figure>\n\n\n\n<h3 class=\"wp-block-heading\">Xavier Ventayol<\/h3>\n\n\n\n<h4 class=\"wp-block-heading has-grey-color has-text-color\">Director General<\/h4>\n<\/div>\n\n\n\n<div class=\"wp-block-column is-layout-flow wp-block-column-is-layout-flow\" style=\"flex-basis:215px\">\n<figure class=\"wp-block-image size-full\"><img decoding=\"async\" width=\"300\" height=\"350\" src=\"https:\/\/www.hidrotec.com\/wp-content\/uploads\/2024\/01\/lluis-def.webp\" alt=\"\" class=\"wp-image-9804\" style=\"object-fit:cover\"\/><\/figure>\n\n\n\n<h3 class=\"wp-block-heading\">Lluis Yag\u00fce<\/h3>\n\n\n\n<h4 class=\"wp-block-heading has-grey-color has-text-color\">Director Comercial<\/h4>\n<\/div>\n\n\n\n<div class=\"wp-block-column is-layout-flow wp-block-column-is-layout-flow\" style=\"flex-basis:215px\">\n<figure class=\"wp-block-image size-full\"><img decoding=\"async\" width=\"300\" height=\"350\" src=\"https:\/\/www.hidrotec.com\/wp-content\/uploads\/2024\/01\/alberto-def.webp\" alt=\"\" class=\"wp-image-9809\"\/><\/figure>\n\n\n\n<h3 class=\"wp-block-heading\">Alberto Calleja<\/h3>\n\n\n\n<h4 class=\"wp-block-heading has-grey-color has-text-color\">Director Financer<\/h4>\n<\/div>\n\n\n\n<div class=\"wp-block-column is-layout-flow wp-block-column-is-layout-flow\" style=\"flex-basis:215px\">\n<figure class=\"wp-block-image size-full\"><img decoding=\"async\" width=\"300\" height=\"350\" src=\"https:\/\/www.hidrotec.com\/wp-content\/uploads\/2024\/01\/juan-def.webp\" alt=\"\" class=\"wp-image-9811\"\/><\/figure>\n\n\n\n<h3 class=\"wp-block-heading\">Juan S\u00e1nchez<\/h3>\n\n\n\n<h4 class=\"wp-block-heading has-grey-color has-text-color\">Director d\u2019Operacions<\/h4>\n<\/div>\n\n\n\n<div class=\"wp-block-column is-layout-flow wp-block-column-is-layout-flow\" style=\"flex-basis:215px\">\n<figure class=\"wp-block-image size-full\"><img decoding=\"async\" width=\"300\" height=\"350\" src=\"https:\/\/www.hidrotec.com\/wp-content\/uploads\/2025\/01\/franc_def_v2.webp\" alt=\"\" class=\"wp-image-12669\"\/><\/figure>\n\n\n\n<h3 class=\"wp-block-heading\">Franc Vicen<\/h3>\n\n\n\n<h4 class=\"wp-block-heading has-grey-color has-text-color\">Director d\u2019Obres i Rehabilitacions<\/h4>\n<\/div>\n\n\n\n<div class=\"wp-block-column is-layout-flow wp-block-column-is-layout-flow\" style=\"flex-basis:215px\">\n<figure class=\"wp-block-image size-full\"><img decoding=\"async\" width=\"300\" height=\"350\" src=\"https:\/\/www.hidrotec.com\/wp-content\/uploads\/2024\/01\/oscar-def.webp\" alt=\"\" class=\"wp-image-9807\" style=\"object-fit:cover\"\/><\/figure>\n\n\n\n<h3 class=\"wp-block-heading\">Oscar L\u00f3pez<\/h3>\n\n\n\n<h4 class=\"wp-block-heading has-grey-color has-text-color\">Director Qualitat i Innovaci\u00f3 <\/h4>\n<\/div>\n\n\n\n<div class=\"wp-block-column is-layout-flow wp-block-column-is-layout-flow\" style=\"flex-basis:215px\">\n<figure class=\"wp-block-image size-full\"><img decoding=\"async\" width=\"300\" height=\"350\" src=\"https:\/\/www.hidrotec.com\/wp-content\/uploads\/2024\/01\/eli-def.webp\" alt=\"\" class=\"wp-image-9813\"\/><\/figure>\n\n\n\n<h3 class=\"wp-block-heading\">Elixabete Arzelus<\/h3>\n\n\n\n<h4 class=\"wp-block-heading has-grey-color has-text-color\">Directora Prevenci\u00f3 i Medi ambient<\/h4>\n<\/div>\n\n\n\n<div class=\"wp-block-column is-layout-flow wp-block-column-is-layout-flow\" style=\"flex-basis:215px\">\n<figure class=\"wp-block-image size-full\"><img decoding=\"async\" width=\"300\" height=\"350\" src=\"https:\/\/www.hidrotec.com\/wp-content\/uploads\/2024\/01\/manu-def.webp\" alt=\"\" class=\"wp-image-9815\"\/><\/figure>\n\n\n\n<h3 class=\"wp-block-heading\">Manuel J. Mu\u00f1oz<\/h3>\n\n\n\n<h4 class=\"wp-block-heading has-grey-color has-text-color\">Encarregat General<\/h4>\n<\/div>\n\n\n\n<div class=\"wp-block-column is-layout-flow wp-block-column-is-layout-flow\" style=\"flex-basis:215px\">\n<figure class=\"wp-block-image size-full\"><img decoding=\"async\" width=\"300\" height=\"350\" src=\"https:\/\/www.hidrotec.com\/wp-content\/uploads\/2024\/01\/juli-def.webp\" alt=\"\" class=\"wp-image-9819\"\/><\/figure>\n\n\n\n<h3 class=\"wp-block-heading\">Juli Marin<\/h3>\n\n\n\n<h4 class=\"wp-block-heading has-grey-color has-text-color\">Encarregat d\u2019Obres i Rehabilitaci\u00f3<\/h4>\n<\/div>\n<\/div>\n<\/div>\n\n<div id=\"certificaciones\" class=\"wp-block-group is-layout-flow wp-block-group-is-layout-flow\">\n<h2 class=\"wp-block-heading hi-h5\">Certificacions Hidrotec\u00ae<\/h2>\n\n\n\n<h3 class=\"wp-block-heading hi-h1\">Les certificacions m\u00e9s exigents en Qualitat, Seguretat i Medi ambient<\/h3>\n\n\n\n<div class=\"wp-block-columns alignfull hi-flex-wrap hid-certifications-columns is-layout-flex wp-block-columns-is-layout-flex\">\n<div class=\"wp-block-column is-layout-flow wp-block-column-is-layout-flow\" style=\"flex-basis:50%\">\n<div class=\"wp-block-columns is-layout-flex wp-block-columns-is-layout-flex\">\n<div class=\"wp-block-column is-layout-flow wp-block-column-is-layout-flow\" style=\"flex-basis:131px\">\n<figure class=\"wp-block-image size-full\"><img decoding=\"async\" src=\"https:\/\/www.hidrotec.com\/wp-content\/uploads\/2023\/11\/sello-pyme-innovadora.webp\" alt=\"Certificat \"Pime Innovadora\" (v\u00e1lido hasta el 22 de agosto de 2025) del Ministerio de Ciencia, Innovaci\u00f3n y Universidades del Gobierno de Espa\u00f1a\" class=\"wp-image-8681\"\/><\/figure>\n<\/div>\n\n\n\n<div class=\"wp-block-column is-layout-flow wp-block-column-is-layout-flow\">\n<h4 class=\"wp-block-heading\">PIME Innovadora<\/h4>\n\n\n\n<p>Hidrotec ha estat reconeguda com a Pime Innovadora pel Ministeri de Ci\u00e8ncia, Innovaci\u00f3 i Universitats del Govern d\u2019Espanya, gr\u00e0cies a aquest segell es posa en valor l\u2019esfor\u00e7 de Hidrotec per ser una empresa capdavantera en el sector que aposta per la R+D+i i t\u00e9 processos de millora cont\u00ednua.<\/p>\n<\/div>\n<\/div>\n<\/div>\n\n\n\n<div class=\"wp-block-column is-layout-flow wp-block-column-is-layout-flow\" style=\"flex-basis:50%\">\n<div class=\"wp-block-columns is-layout-flex wp-block-columns-is-layout-flex\">\n<div class=\"wp-block-column is-layout-flow wp-block-column-is-layout-flow\" style=\"flex-basis:131px\">\n<figure class=\"wp-block-image size-full is-style-default\"><img decoding=\"async\" width=\"500\" height=\"188\" src=\"https:\/\/www.hidrotec.com\/wp-content\/uploads\/2023\/11\/logotipo-arc.webp\" alt=\"Certificat Ag\u00e8ncia de Residus de Catalunya\" class=\"wp-image-8697\"\/><\/figure>\n<\/div>\n\n\n\n<div class=\"wp-block-column is-layout-flow wp-block-column-is-layout-flow\">\n<h4 class=\"wp-block-heading\">ARC<\/h4>\n\n\n\n<p>Hidrotec \u00e9s una empresa autoritzada per la ARC (Ag\u00e8ncia de Residus de Catalunya) per al transport de residus, constant en el Registre de Transportistes de Residus amb el codi T-2226.<\/p>\n<\/div>\n<\/div>\n<\/div>\n\n\n\n<div class=\"wp-block-column is-layout-flow wp-block-column-is-layout-flow\" style=\"flex-basis:50%\">\n<div class=\"wp-block-columns is-layout-flex wp-block-columns-is-layout-flex\">\n<div class=\"wp-block-column is-layout-flow wp-block-column-is-layout-flow\" style=\"flex-basis:131px\">\n<figure class=\"wp-block-image size-full\"><img decoding=\"async\" width=\"500\" height=\"360\" src=\"https:\/\/www.hidrotec.com\/wp-content\/uploads\/2023\/11\/logotipo-rea.webp\" alt=\"Certificat REA: Registro de Empresas Acreditadas Sector de la Construcci\u00f3n\" class=\"wp-image-8699\"\/><\/figure>\n<\/div>\n\n\n\n<div class=\"wp-block-column is-layout-flow wp-block-column-is-layout-flow\">\n<h4 class=\"wp-block-heading\">REA<\/h4>\n\n\n\n<p>Hidrotec es troba en el REA (Registre d\u2019Empreses Acreditades), que t\u00e9 com a objectiu l\u2019acreditar que les empreses que operen en el sector de la construcci\u00f3 compleixen els requisits de capacitat i de qualitat de la prevenci\u00f3 de riscos laborals.<\/p>\n<\/div>\n<\/div>\n<\/div>\n\n\n\n<div class=\"wp-block-column is-layout-flow wp-block-column-is-layout-flow\" style=\"flex-basis:50%\">\n<div class=\"wp-block-columns is-layout-flex wp-block-columns-is-layout-flex\">\n<div class=\"wp-block-column is-layout-flow wp-block-column-is-layout-flow\" style=\"flex-basis:131px\">\n<figure class=\"wp-block-image size-full is-resized\"><img decoding=\"async\" width=\"500\" height=\"470\" src=\"https:\/\/www.hidrotec.com\/wp-content\/uploads\/2023\/11\/certificado-iso-9001.webp\" alt=\"Certificat AENOR: Gesti\u00f3n de la calidad (ISO 9001)\" class=\"wp-image-8708\"\/><\/figure>\n<\/div>\n\n\n\n<div class=\"wp-block-column is-layout-flow wp-block-column-is-layout-flow\">\n<h4 class=\"wp-block-heading\">ISO 9001<\/h4>\n\n\n\n<p>Hidrotec, des de l\u2019any 2007, es troba certificada segons el Sistema de Gesti\u00f3 de la Qualitat UNE-EN ISO 9001:2008 i compromesa amb els processos de millora cont\u00ednua.<\/p>\n<\/div>\n<\/div>\n<\/div>\n\n\n\n<div class=\"wp-block-column is-layout-flow wp-block-column-is-layout-flow\" style=\"flex-basis:50%\">\n<div class=\"wp-block-columns is-layout-flex wp-block-columns-is-layout-flex\">\n<div class=\"wp-block-column is-layout-flow wp-block-column-is-layout-flow\" style=\"flex-basis:131px\">\n<figure class=\"wp-block-image size-full\"><img decoding=\"async\" src=\"https:\/\/www.hidrotec.com\/wp-content\/uploads\/2023\/11\/certificado-iso-45001.webp\" alt=\"Certificat AENOR: Seguridad y salud en el trabajo (ISO 45001)\" class=\"wp-image-8693\"\/><\/figure>\n<\/div>\n\n\n\n<div class=\"wp-block-column is-layout-flow wp-block-column-is-layout-flow\">\n<h4 class=\"wp-block-heading\">ISO 45001<\/h4>\n\n\n\n<p>Hidrotec \u00e9s una empresa certificada segons el Sistema de Gesti\u00f3 Seguretat i Salut en el Treball ISO 45001:2018. Totes les nostres actuacions prioritzen la seguretat dels nostres treballadors.<\/p>\n<\/div>\n<\/div>\n<\/div>\n\n\n\n<div class=\"wp-block-column is-layout-flow wp-block-column-is-layout-flow\" style=\"flex-basis:50%\">\n<div class=\"wp-block-columns is-layout-flex wp-block-columns-is-layout-flex\">\n<div class=\"wp-block-column is-layout-flow wp-block-column-is-layout-flow\" style=\"flex-basis:131px\">\n<figure class=\"wp-block-image size-full\"><img decoding=\"async\" width=\"1864\" height=\"1751\" src=\"https:\/\/www.hidrotec.com\/wp-content\/uploads\/2024\/01\/14001.png\" alt=\"14001\" class=\"wp-image-10811\" srcset=\"https:\/\/www.hidrotec.com\/wp-content\/uploads\/2024\/01\/14001.png 1864w, https:\/\/www.hidrotec.com\/wp-content\/uploads\/2024\/01\/14001-600x564.png 600w, https:\/\/www.hidrotec.com\/wp-content\/uploads\/2024\/01\/14001-1024x962.png 1024w, https:\/\/www.hidrotec.com\/wp-content\/uploads\/2024\/01\/14001-768x721.png 768w, https:\/\/www.hidrotec.com\/wp-content\/uploads\/2024\/01\/14001-1536x1443.png 1536w\" sizes=\"(max-width: 1864px) 100vw, 1864px\" \/><\/figure>\n<\/div>\n\n\n\n<div class=\"wp-block-column is-layout-flow wp-block-column-is-layout-flow\">\n<h4 class=\"wp-block-heading\">ISO 14001<\/h4>\n\n\n\n<p>Hidrotec est\u00e0 certificada segons el Sistema de Gesti\u00f3 Ambiental ISO 14001:2004, des de l\u2019any 2016. Aquesta certificaci\u00f3 verifica el nostre comprom\u00eds amb el medi ambient i la sostenibilitat.<\/p>\n<\/div>\n<\/div>\n<\/div>\n\n\n\n<div class=\"wp-block-column is-layout-flow wp-block-column-is-layout-flow\" style=\"flex-basis:50%\">\n<div class=\"wp-block-columns is-layout-flex wp-block-columns-is-layout-flex\">\n<div class=\"wp-block-column is-layout-flow wp-block-column-is-layout-flow\" style=\"flex-basis:131px\">\n<figure class=\"wp-block-image size-full\"><img decoding=\"async\" width=\"161\" height=\"92\" src=\"https:\/\/www.hidrotec.com\/wp-content\/uploads\/2024\/01\/amb.webp\" alt=\"amb\" class=\"wp-image-11119\"\/><\/figure>\n<\/div>\n\n\n\n<div class=\"wp-block-column is-layout-flow wp-block-column-is-layout-flow\">\n<h4 class=\"wp-block-heading\">AMB<\/h4>\n\n\n\n<p>Hidrotec \u00e9s una empresa acreditada per l\u2019AMB (\u00c0rea Metropolitana de Barcelona) per fer abocaments mitjan\u00e7ant vehicles cisterna, segons expedient G693\/14.<\/p>\n<\/div>\n<\/div>\n<\/div>\n\n\n\n<div class=\"wp-block-column is-layout-flow wp-block-column-is-layout-flow\" style=\"flex-basis:50%\">\n<div class=\"wp-block-columns is-layout-flex wp-block-columns-is-layout-flex\">\n<div class=\"wp-block-column is-layout-flow wp-block-column-is-layout-flow\" style=\"flex-basis:131px\">\n<figure class=\"wp-block-image size-full\"><img decoding=\"async\" src=\"https:\/\/www.hidrotec.com\/wp-content\/uploads\/2024\/01\/MAMB-1-e1706194611250.webp\" alt=\"MAMB\" class=\"wp-image-11116\"\/><\/figure>\n<\/div>\n\n\n\n<div class=\"wp-block-column is-layout-flow wp-block-column-is-layout-flow\">\n<h4 class=\"wp-block-heading\">Conselleria de Medi Ambient, Habitatge i Agricultura<\/h4>\n\n\n\n<p>Hidrotec \u00e9s una empresa acreditada per la Conselleria de Medi Ambient, Habitatge i Agricultura de la Comunitat de Madrid per al transport de residus,<\/p>\n<\/div>\n<\/div>\n<\/div>\n<\/div>\n<\/div>\n","protected":false},"excerpt":{"rendered":"<p>Sobre nosaltres Hidrotec \u00e9s una empresa amb m\u00e9s de 30 anys d\u2019experi\u00e8ncia especialitzada en el sanejament industrial i urb\u00e0, orientada a oferir serveis personalitzats als nostres clients (Tailormade). Fem treballs a mida Com a empresa pionera en innovaci\u00f3, utilitzem tecnologies de l\u2019estat de l\u2019art. En aquest sentit, disposem del Segell de Pime Innovadora atorgat pel [&hellip;]<\/p>\n","protected":false},"author":1,"featured_media":8652,"parent":0,"menu_order":9,"comment_status":"closed","ping_status":"closed","template":"templates\/page-full-no-header.php","meta":{"_acf_changed":false,"inline_featured_image":false,"footnotes":""},"class_list":["post-9454","page","type-page","status-publish","has-post-thumbnail","hentry"],"acf":[],"_links":{"self":[{"href":"https:\/\/www.hidrotec.com\/ca\/wp-json\/wp\/v2\/pages\/9454","targetHints":{"allow":["GET"]}}],"collection":[{"href":"https:\/\/www.hidrotec.com\/ca\/wp-json\/wp\/v2\/pages"}],"about":[{"href":"https:\/\/www.hidrotec.com\/ca\/wp-json\/wp\/v2\/types\/page"}],"author":[{"embeddable":true,"href":"https:\/\/www.hidrotec.com\/ca\/wp-json\/wp\/v2\/users\/1"}],"replies":[{"embeddable":true,"href":"https:\/\/www.hidrotec.com\/ca\/wp-json\/wp\/v2\/comments?post=9454"}],"version-history":[{"count":0,"href":"https:\/\/www.hidrotec.com\/ca\/wp-json\/wp\/v2\/pages\/9454\/revisions"}],"wp:featuredmedia":[{"embeddable":true,"href":"https:\/\/www.hidrotec.com\/ca\/wp-json\/wp\/v2\/media\/8652"}],"wp:attachment":[{"href":"https:\/\/www.hidrotec.com\/ca\/wp-json\/wp\/v2\/media?parent=9454"}],"curies":[{"name":"wp","href":"https:\/\/api.w.org\/{rel}","templated":true}]}}