{"id":9456,"date":"2023-05-31T10:36:28","date_gmt":"2023-05-31T09:36:28","guid":{"rendered":"https:\/\/www.hidroliner.com\/empresa\/seguretat\/"},"modified":"2024-02-06T14:25:35","modified_gmt":"2024-02-06T13:25:35","slug":"seguretat","status":"publish","type":"page","link":"https:\/\/www.hidrotec.com\/ca\/empresa\/seguretat\/","title":{"rendered":"Seguretat"},"content":{"rendered":"\n<div class=\"wp-block-columns hi-flex-wrap hi-desktop-overlapping is-layout-flex wp-block-columns-is-layout-flex\">\n<div class=\"wp-block-column hi-sides-wrapper is-layout-flow wp-block-column-is-layout-flow\" style=\"flex-basis:50%\">\n<div class=\"wp-block-group hi-sides is-layout-flow wp-block-group-is-layout-flow\">\n<div class=\"wp-block-group hi-side-front hi-icon-position-top is-layout-flow wp-block-group-is-layout-flow\" style=\"padding-top:var(--wp--preset--spacing--70)\">\n<div class=\"wp-block-group hi-side-content is-vertical is-content-justification-stretch is-layout-flex wp-block-group-is-layout-flex\">\n<figure class=\"wp-block-image size-full is-resized\"><img decoding=\"async\" width=\"270\" height=\"260\" src=\"https:\/\/www.hidrotec.com\/wp-content\/uploads\/2023\/11\/seguridad-salud.webp\" alt=\"Seguretat i Salut\" class=\"wp-image-8656\" style=\"object-fit:contain;width:140px;height:140px\"\/><\/figure>\n\n\n\n<h2 class=\"wp-block-heading\">Departament PRL<\/h2>\n<\/div>\n<\/div>\n\n\n\n<div class=\"wp-block-group hi-side-back is-layout-flow wp-block-group-is-layout-flow\">\n<div class=\"wp-block-group hi-side-content is-layout-flow wp-block-group-is-layout-flow\">\n<div class=\"wp-block-group is-layout-constrained wp-block-group-is-layout-constrained\">\n<p>Hidrotec compta amb un Departament de Prevenci\u00f3 de Riscos Laborals, dirigit per una Enginyera T\u00e8cnica Industrial amb titulaci\u00f3 de Nivell Superior en PRL, que desenvolupa un pla continuat de seguretat i salut en el treball. Aquesta vocaci\u00f3 prevencionista ens permet posicionar-nos entre les empreses m\u00e9s segures del sector del sanejament.<\/p>\n\n\n\n<p>Disposem d\u2019una secci\u00f3 CAU que assegura la coordinaci\u00f3 de les activitats empresarials relacionades amb els nostres clients i prove\u00efdors.<\/p>\n<\/div>\n<\/div>\n<\/div>\n<\/div>\n<\/div>\n\n\n\n<div class=\"wp-block-column hi-sides-wrapper is-layout-flow wp-block-column-is-layout-flow\" style=\"flex-basis:50%\">\n<div class=\"wp-block-group hi-sides is-layout-flow wp-block-group-is-layout-flow\">\n<div class=\"wp-block-group hi-side-front hi-icon-position-top is-layout-flow wp-block-group-is-layout-flow\" style=\"padding-top:var(--wp--preset--spacing--70)\">\n<div class=\"wp-block-group hi-side-content is-vertical is-content-justification-stretch is-layout-flex wp-block-group-is-layout-flex\">\n<figure class=\"wp-block-image size-full is-resized has-custom-border\"><img decoding=\"async\" src=\"https:\/\/www.hidrotec.com\/wp-content\/uploads\/2023\/11\/certificado-iso-45001.webp\" alt=\"Certificat AENOR: Seguridad y salud en el trabajo (ISO 45001)\" class=\"wp-image-8693\" style=\"border-radius:0px;object-fit:contain;width:140px;height:140px\"\/><\/figure>\n\n\n\n<h2 class=\"wp-block-heading\">Certificaci\u00f3 ISO 45001<\/h2>\n<\/div>\n<\/div>\n\n\n\n<div class=\"wp-block-group hi-side-back is-layout-flow wp-block-group-is-layout-flow\">\n<div class=\"wp-block-group hi-side-content is-layout-flow wp-block-group-is-layout-flow\">\n<div class=\"wp-block-group is-layout-flow wp-block-group-is-layout-flow\">\n<p>El Sistema de Gesti\u00f3 de la Seguretat i Salut en el Treball de Hidrotec est\u00e0 certificat per AENOR des de l\u2019any 2013, primerament, sota la norma OHSAS 18001:2007 i des de l\u2019any 2020 segons la norma ISO 45001:2018. Aquesta certificaci\u00f3 verifica el nostre comprom\u00eds amb la seguretat i salut dels nostres empleats, palanquejant el proc\u00e9s de millora cont\u00ednua del Departament de PRL.<\/p>\n<\/div>\n<\/div>\n<\/div>\n<\/div>\n<\/div>\n\n\n\n<div class=\"wp-block-column hi-sides-wrapper is-layout-flow wp-block-column-is-layout-flow\" style=\"flex-basis:50%\">\n<div class=\"wp-block-group hi-sides is-layout-flow wp-block-group-is-layout-flow\">\n<div class=\"wp-block-group hi-side-front hi-icon-position-top is-layout-flow wp-block-group-is-layout-flow\" style=\"padding-top:var(--wp--preset--spacing--70)\">\n<div class=\"wp-block-group hi-side-content is-vertical is-content-justification-stretch is-layout-flex wp-block-group-is-layout-flex\">\n<figure class=\"wp-block-image size-full is-resized\"><img decoding=\"async\" src=\"https:\/\/www.hidrotec.com\/wp-content\/uploads\/2023\/11\/formacion.webp\" alt=\"Formaci\u00f3n\" class=\"wp-image-8818\" style=\"object-fit:contain;width:180px;height:140px\"\/><\/figure>\n\n\n\n<h2 class=\"wp-block-heading\">Formaci\u00f3<\/h2>\n<\/div>\n<\/div>\n\n\n\n<div class=\"wp-block-group hi-side-back is-layout-flow wp-block-group-is-layout-flow\">\n<div class=\"wp-block-group hi-side-content is-layout-flow wp-block-group-is-layout-flow\">\n<div class=\"wp-block-group is-layout-constrained wp-block-group-is-layout-constrained\">\n<p>Hidrotec desenvolupa programes de formaci\u00f3 cont\u00ednua en mat\u00e8ria de prevenci\u00f3 de riscos laborals, amb l\u2019objectiu de fomentar la seguretat i el benestar entre els seus empleats.<\/p>\n\n\n\n<p>La formaci\u00f3 en seguretat i salut laboral \u00e9s un dels pilars m\u00e9s importants de l\u2019acci\u00f3 preventiva, ja que assegura un correcte seguiment dels procediments interns i fomenta la cultura preventiva en l\u2019empresa.<\/p>\n<\/div>\n<\/div>\n<\/div>\n<\/div>\n<\/div>\n\n\n\n<div class=\"wp-block-column hi-sides-wrapper is-layout-flow wp-block-column-is-layout-flow\" style=\"flex-basis:50%\">\n<div class=\"wp-block-group hi-sides is-layout-flow wp-block-group-is-layout-flow\">\n<div class=\"wp-block-group hi-side-front hi-icon-position-top is-layout-flow wp-block-group-is-layout-flow\" style=\"padding-top:var(--wp--preset--spacing--70)\">\n<div class=\"wp-block-group hi-side-content is-vertical is-content-justification-stretch is-layout-flex wp-block-group-is-layout-flex\">\n<figure class=\"wp-block-image size-full is-resized has-custom-border\"><img decoding=\"async\" width=\"200\" height=\"137\" src=\"https:\/\/www.hidrotec.com\/wp-content\/uploads\/2023\/11\/innovacion-seguridad.webp\" alt=\"Innovaci\u00f3 en Seguretat\" class=\"wp-image-8822\" style=\"border-radius:0px;object-fit:contain;width:180px;height:140px\"\/><\/figure>\n\n\n\n<h2 class=\"wp-block-heading\">Innovaci\u00f3 en Seguretat<\/h2>\n<\/div>\n<\/div>\n\n\n\n<div class=\"wp-block-group hi-side-back is-layout-flow wp-block-group-is-layout-flow\">\n<div class=\"wp-block-group hi-side-content is-layout-flow wp-block-group-is-layout-flow\">\n<div class=\"wp-block-group is-layout-constrained wp-block-group-is-layout-constrained\">\n<p>Des de l\u2019any 2012, Hidrotec porta realitzant diferents projectes d\u2019innovaci\u00f3 amb l\u2019objectiu de generar nous procediments de treball i serveis segurs. En tots ells la seguretat i salut t\u00e9 un pes fonamental, tant en les etapes de disseny i prototipat, com en les etapes de desenvolupament.<\/p>\n<\/div>\n<\/div>\n<\/div>\n<\/div>\n<\/div>\n<\/div>\n\n<div class=\"wp-block-group is-layout-constrained wp-block-group-is-layout-constrained\">\n<div class=\"wp-block-columns alignfull hi-justify-center is-layout-flex wp-block-columns-is-layout-flex\" style=\"margin-bottom:0\">\n<div class=\"wp-block-column is-layout-flow wp-block-column-is-layout-flow\" style=\"padding-top:0;padding-right:0;padding-bottom:0;padding-left:0;flex-basis:830px\">\n<h2 class=\"wp-block-heading has-text-align-center hi-h1\">Compromesos amb la <strong>seguretat de les persones<\/strong><\/h2>\n<\/div>\n<\/div>\n\n\n\n<div class=\"wp-block-columns alignfull hi-justify-center has-grey-color has-text-color is-layout-flex wp-block-columns-is-layout-flex\" style=\"margin-top:var(--wp--preset--spacing--30)\">\n<div class=\"wp-block-column is-layout-flow wp-block-column-is-layout-flow\" style=\"padding-top:0;padding-right:0;padding-bottom:0;padding-left:0;flex-basis:738px\">\n<h3 class=\"wp-block-heading has-text-align-center hi-h4\">Apostem per la prevenci\u00f3 de riscos laborals perqu\u00e8 creiem en la seguretat i el benestar de les persones.<\/h3>\n<\/div>\n<\/div>\n\n\n\n<figure class=\"wp-block-image alignwide size-large\"><img decoding=\"async\" width=\"1024\" height=\"417\" src=\"https:\/\/www.hidrotec.com\/wp-content\/uploads\/2023\/11\/comprometidos-con-seguridad-1024x417.webp\" alt=\"Compromesos amb la Seguretat\" class=\"wp-image-8816\" srcset=\"https:\/\/www.hidrotec.com\/wp-content\/uploads\/2023\/11\/comprometidos-con-seguridad-1024x417.webp 1024w, https:\/\/www.hidrotec.com\/wp-content\/uploads\/2023\/11\/comprometidos-con-seguridad-600x245.webp 600w, https:\/\/www.hidrotec.com\/wp-content\/uploads\/2023\/11\/comprometidos-con-seguridad-768x313.webp 768w, https:\/\/www.hidrotec.com\/wp-content\/uploads\/2023\/11\/comprometidos-con-seguridad.webp 1300w\" sizes=\"(max-width: 1024px) 100vw, 1024px\" \/><\/figure>\n<\/div>\n\n<div class=\"wp-block-columns is-layout-flex wp-block-columns-is-layout-flex\">\n<div class=\"wp-block-column is-layout-flow wp-block-column-is-layout-flow\">\n<h3 class=\"wp-block-heading hi-h2\">Responsabilitat social i protecci\u00f3 de les persones<\/h3>\n\n\n\n<p>El nostre Departament de PRL desenvolupa diferents iniciatives en mat\u00e8ria de prevenci\u00f3 de riscos laborals per a millorar de manera cont\u00ednua la seguretat dels nostres processos operatius, vehicles i equips. La nostra secci\u00f3 CAU (Coordinaci\u00f3 d\u2019Activitats Empresarials) desenvolupa i assegura la coordinaci\u00f3 amb els nostres clients i prove\u00efdors, per a assegurar una correcta comunicaci\u00f3 dels riscos avaluats en les diferents activitats.<\/p>\n\n\n\n<p>Les persones s\u00f3n el centre fonamental de la nostra empresa. La nostra filosofia preventiva ens defineix i impulsa a innovar i evolucionar constantment.<\/p>\n\n\n\n<p>Hidrotec revisa i actualitza de forma continuada el seu Sistema de Gesti\u00f3 de la Seguretat i Salut en el Treball, certificat per AENOR, segons la norma ISO 45001:2018, en tots els seus centres de treball (Rub\u00ed i Coslada).<\/p>\n\n\n\n<p>A m\u00e9s, cal destacar, que Hidrotec assegura la consulta i participaci\u00f3 dels treballadors a trav\u00e9s dels seus representants, en la presa de decisions en mat\u00e8ria de prevenci\u00f3 de riscos laborals.<\/p>\n<\/div>\n\n\n\n<div class=\"wp-block-column is-layout-flow wp-block-column-is-layout-flow\" style=\"flex-basis:50%\">\n<figure class=\"wp-block-image alignright size-full\"><img decoding=\"async\" width=\"440\" height=\"350\" src=\"https:\/\/www.hidrotec.com\/wp-content\/uploads\/2023\/11\/prevencion-riesgos-laborales.webp\" alt=\"Prevenci\u00f3 de Riscos Laborals\" class=\"wp-image-8824\"\/><\/figure>\n\n\n\n<figure class=\"wp-block-image alignright size-full\"><img decoding=\"async\" width=\"440\" height=\"350\" src=\"https:\/\/www.hidrotec.com\/wp-content\/uploads\/2023\/11\/trabajos-con-seguridad.webp\" alt=\"Treballs amb Seguretat\" class=\"wp-image-8828\"\/><\/figure>\n<\/div>\n<\/div>\n\n<div class=\"wp-block-columns is-layout-flex wp-block-columns-is-layout-flex\">\n<div class=\"wp-block-column hi-mobile-item-order-2 is-layout-flow wp-block-column-is-layout-flow\" style=\"flex-basis:50%\">\n<figure class=\"wp-block-image alignleft size-full\"><img decoding=\"async\" width=\"440\" height=\"530\" src=\"https:\/\/www.hidrotec.com\/wp-content\/uploads\/2023\/11\/formacion-continua.webp\" alt=\"Formaci\u00f3 Cont\u00ednua\" class=\"wp-image-8820\"\/><\/figure>\n<\/div>\n\n\n\n<div class=\"wp-block-column is-layout-flow wp-block-column-is-layout-flow\">\n<h3 class=\"wp-block-heading hi-h2\">Formaci\u00f3 i conscienciaci\u00f3 en seguretat<\/h3>\n\n\n\n<p>Hidrotec estableix un exhaustiu Pla de Formaci\u00f3 anual d\u2019aplicaci\u00f3 a tots els seus treballadors, la finalitat dels quals \u00e9s la de millorar les seves capacitats i habilitats professionals.<\/p>\n\n\n\n<p>En mat\u00e8ria de prevenci\u00f3 de riscos laborals es realitzen entre altres els seg\u00fcents cursos: Recurs preventiu, treballs en altura, treballs en espais confinats, oficis, carret\u00f3 elevador, emerg\u00e8ncies i primers auxilis.<\/p>\n\n\n\n<p>Mitjan\u00e7ant la formaci\u00f3 te\u00f2rica i pr\u00e0ctica, es pret\u00e9n capacitar als operaris en els fonaments de la seguretat laboral i generar consci\u00e8ncia col\u00b7lectiva (cultura preventiva).<\/p>\n\n\n\n<p>Cal esmentar tamb\u00e9 que Hidrotec imparteix diferents cursos de prevenci\u00f3 de riscos laborals dins de ALTAP (Associaci\u00f3 de neteja t\u00e8cnica i alta pressi\u00f3), en el marc de la formaci\u00f3 b\u00e0sica i especialista d\u2019ofici de sanejament urb\u00e0.<\/p>\n<\/div>\n<\/div>\n\n<div class=\"wp-block-group alignfull is-layout-constrained wp-block-group-is-layout-constrained\">\n<div class=\"wp-block-columns hi-default-content-size is-layout-flex wp-block-columns-is-layout-flex\" style=\"margin-bottom:0\">\n<div class=\"wp-block-column is-layout-flow wp-block-column-is-layout-flow\" style=\"flex-basis:753px\">\n<h2 class=\"wp-block-heading hi-h1\">Impulsats per la prevenci\u00f3 de riscos laborals<\/h2>\n<\/div>\n<\/div>\n\n\n\n<div class=\"wp-block-columns hi-default-content-size is-layout-flex wp-block-columns-is-layout-flex\" style=\"margin-top:var(--wp--preset--spacing--40);margin-bottom:0\">\n<div class=\"wp-block-column is-layout-flow wp-block-column-is-layout-flow\" style=\"flex-basis:753px\">\n<h3 class=\"wp-block-heading hi-h4\">Segueix el nostre blog i descobreix les novetats en mat\u00e8ria de seguretat i salut de la nostra empresa.<\/h3>\n<\/div>\n<\/div>\n\n\n\n<div class=\"wp-block-query hi-slider hi-default-content-size is-layout-flow wp-block-query-is-layout-flow\"><ul class=\"columns-6 type-post wp-block-post-template is-layout-grid wp-block-post-template-is-layout-grid\"><li class=\"wp-block-post post-3521 post type-post status-publish format-standard has-post-thumbnail hentry category-prl-ca\">\n<div class=\"taxonomy-category wp-block-post-terms\"><a href=\"https:\/\/www.hidrotec.com\/ca\/categoria\/prl-ca\/\" rel=\"tag\">PRL<\/a><\/div>\n\n<figure class=\"alignwide wp-block-post-featured-image\"><a href=\"https:\/\/www.hidrotec.com\/ca\/blog\/que-es-la-coordinacio-dactivitats-empresarials-cae\/\" target=\"_self\"  ><img decoding=\"async\" width=\"1280\" height=\"853\" src=\"https:\/\/www.hidrotec.com\/wp-content\/uploads\/2022\/06\/Coordinacion-de-Actividades-Empresariales-1.jpg\" class=\"attachment-post-thumbnail size-post-thumbnail wp-post-image\" alt=\"Qu\u00e8 \u00e9s la Coordinaci\u00f3 d\u2019Activitats Empresarials (CAE)?\" style=\"object-fit:cover;\" srcset=\"https:\/\/www.hidrotec.com\/wp-content\/uploads\/2022\/06\/Coordinacion-de-Actividades-Empresariales-1.jpg 1280w, https:\/\/www.hidrotec.com\/wp-content\/uploads\/2022\/06\/Coordinacion-de-Actividades-Empresariales-1-600x400.jpg 600w, https:\/\/www.hidrotec.com\/wp-content\/uploads\/2022\/06\/Coordinacion-de-Actividades-Empresariales-1-1024x682.jpg 1024w, https:\/\/www.hidrotec.com\/wp-content\/uploads\/2022\/06\/Coordinacion-de-Actividades-Empresariales-1-768x512.jpg 768w\" sizes=\"(max-width: 1280px) 100vw, 1280px\" \/><\/a><\/figure>\n\n<h3 class=\"wp-block-post-title\"><a href=\"https:\/\/www.hidrotec.com\/ca\/blog\/que-es-la-coordinacio-dactivitats-empresarials-cae\/\" target=\"_self\" >Qu\u00e8 \u00e9s la Coordinaci\u00f3 d\u2019Activitats Empresarials (CAE)?<\/a><\/h3>\n<\/li><\/ul><\/div>\n\n\n\n<div class=\"wp-block-group hi-default-content-size is-content-justification-left is-layout-constrained wp-block-group-is-layout-constrained\">\n<div class=\"wp-block-buttons is-content-justification-left is-layout-flex wp-block-buttons-is-layout-flex\">\n<div class=\"wp-block-button is-style-outline is-style-outline--1\"><a class=\"wp-block-button__link wp-element-button\" href=\"https:\/\/www.hidrotec.com\/ca\/blog\/\">Leer todas<\/a><\/div>\n<\/div>\n<\/div>\n<\/div>\n","protected":false},"excerpt":{"rendered":"<p>A Hidrotec prioritzem la seguretat dels nostres empleats durant l&#8217;execuci\u00f3 dels serveis, assegurant el compliment dels requisits legals i fomentant un ambient de treball segur.<\/p>\n","protected":false},"author":1,"featured_media":8827,"parent":9454,"menu_order":18,"comment_status":"closed","ping_status":"closed","template":"templates\/page-full.php","meta":{"_acf_changed":false,"inline_featured_image":false,"footnotes":""},"class_list":["post-9456","page","type-page","status-publish","has-post-thumbnail","hentry"],"acf":[],"_links":{"self":[{"href":"https:\/\/www.hidrotec.com\/ca\/wp-json\/wp\/v2\/pages\/9456","targetHints":{"allow":["GET"]}}],"collection":[{"href":"https:\/\/www.hidrotec.com\/ca\/wp-json\/wp\/v2\/pages"}],"about":[{"href":"https:\/\/www.hidrotec.com\/ca\/wp-json\/wp\/v2\/types\/page"}],"author":[{"embeddable":true,"href":"https:\/\/www.hidrotec.com\/ca\/wp-json\/wp\/v2\/users\/1"}],"replies":[{"embeddable":true,"href":"https:\/\/www.hidrotec.com\/ca\/wp-json\/wp\/v2\/comments?post=9456"}],"version-history":[{"count":0,"href":"https:\/\/www.hidrotec.com\/ca\/wp-json\/wp\/v2\/pages\/9456\/revisions"}],"up":[{"embeddable":true,"href":"https:\/\/www.hidrotec.com\/ca\/wp-json\/wp\/v2\/pages\/9454"}],"wp:featuredmedia":[{"embeddable":true,"href":"https:\/\/www.hidrotec.com\/ca\/wp-json\/wp\/v2\/media\/8827"}],"wp:attachment":[{"href":"https:\/\/www.hidrotec.com\/ca\/wp-json\/wp\/v2\/media?parent=9456"}],"curies":[{"name":"wp","href":"https:\/\/api.w.org\/{rel}","templated":true}]}}